{"id":101,"date":"2013-02-13T19:35:42","date_gmt":"2013-02-13T19:35:42","guid":{"rendered":"http:\/\/mastinbabia.babia.eu\/?page_id=101"},"modified":"2013-12-05T12:23:52","modified_gmt":"2013-12-05T12:23:52","slug":"entorno","status":"publish","type":"page","link":"http:\/\/mastinbabia.babia.eu\/?page_id=101","title":{"rendered":"Entorno: la Comarca de Babia"},"content":{"rendered":"<p>Estamos en Babia, en el coraz\u00f3n de la Cordillera Cant\u00e1brica.<\/p>\n<p><a href=\"http:\/\/mastinbabia.babia.eu\/wp-content\/uploads\/2013\/12\/20131204-231708.jpg\"><img data-attachment-id=\"332\" data-permalink=\"http:\/\/mastinbabia.babia.eu\/?attachment_id=332\" data-orig-file=\"http:\/\/mastinbabia.babia.eu\/wp-content\/uploads\/2013\/12\/20131204-231708.jpg\" data-orig-size=\"1024,558\" data-comments-opened=\"1\" data-image-meta=\"{&quot;aperture&quot;:&quot;0&quot;,&quot;credit&quot;:&quot;&quot;,&quot;camera&quot;:&quot;&quot;,&quot;caption&quot;:&quot;&quot;,&quot;created_timestamp&quot;:&quot;0&quot;,&quot;copyright&quot;:&quot;&quot;,&quot;focal_length&quot;:&quot;0&quot;,&quot;iso&quot;:&quot;0&quot;,&quot;shutter_speed&quot;:&quot;0&quot;,&quot;title&quot;:&quot;&quot;}\" data-image-title=\"Nieve en Babia\" data-image-description=\"\" data-image-caption=\"&lt;p&gt;Nieve en Babia&lt;\/p&gt;\n\" data-medium-file=\"http:\/\/mastinbabia.babia.eu\/wp-content\/uploads\/2013\/12\/20131204-231708-300x163.jpg\" data-large-file=\"http:\/\/mastinbabia.babia.eu\/wp-content\/uploads\/2013\/12\/20131204-231708.jpg\" decoding=\"async\" loading=\"lazy\" class=\"alignnone size-medium wp-image-332\" alt=\"Nieve en Babia\" src=\"http:\/\/mastinbabia.babia.eu\/wp-content\/uploads\/2013\/12\/20131204-231708-300x163.jpg\" width=\"300\" height=\"163\" srcset=\"http:\/\/mastinbabia.babia.eu\/wp-content\/uploads\/2013\/12\/20131204-231708-300x163.jpg 300w, http:\/\/mastinbabia.babia.eu\/wp-content\/uploads\/2013\/12\/20131204-231708-500x272.jpg 500w, http:\/\/mastinbabia.babia.eu\/wp-content\/uploads\/2013\/12\/20131204-231708.jpg 1024w\" sizes=\"(max-width: 300px) 100vw, 300px\" \/><\/a>Nieve en Babia<\/p>\n<p>&nbsp;<\/p>\n<p>Para m\u00e1s informaci\u00f3n sobre Babia, puedes visitar <a title=\"Babia.net\" href=\"http:\/\/babia.net\" target=\"_blank\">Babia.net<\/a>.<\/p>\n","protected":false},"excerpt":{"rendered":"<p>Estamos en Babia, en el coraz\u00f3n de la Cordillera Cant\u00e1brica. Nieve en Babia &nbsp; Para m\u00e1s informaci\u00f3n sobre Babia, puedes visitar Babia.net.<\/p>\n","protected":false},"author":1,"featured_media":0,"parent":0,"menu_order":0,"comment_status":"closed","ping_status":"open","template":"","meta":{"jetpack_post_was_ever_published":false},"jetpack_shortlink":"https:\/\/wp.me\/P39wqk-1D","jetpack_sharing_enabled":true,"jetpack_likes_enabled":true,"_links":{"self":[{"href":"http:\/\/mastinbabia.babia.eu\/index.php?rest_route=\/wp\/v2\/pages\/101"}],"collection":[{"href":"http:\/\/mastinbabia.babia.eu\/index.php?rest_route=\/wp\/v2\/pages"}],"about":[{"href":"http:\/\/mastinbabia.babia.eu\/index.php?rest_route=\/wp\/v2\/types\/page"}],"author":[{"embeddable":true,"href":"http:\/\/mastinbabia.babia.eu\/index.php?rest_route=\/wp\/v2\/users\/1"}],"replies":[{"embeddable":true,"href":"http:\/\/mastinbabia.babia.eu\/index.php?rest_route=%2Fwp%2Fv2%2Fcomments&post=101"}],"version-history":[{"count":7,"href":"http:\/\/mastinbabia.babia.eu\/index.php?rest_route=\/wp\/v2\/pages\/101\/revisions"}],"predecessor-version":[{"id":340,"href":"http:\/\/mastinbabia.babia.eu\/index.php?rest_route=\/wp\/v2\/pages\/101\/revisions\/340"}],"wp:attachment":[{"href":"http:\/\/mastinbabia.babia.eu\/index.php?rest_route=%2Fwp%2Fv2%2Fmedia&parent=101"}],"curies":[{"name":"wp","href":"https:\/\/api.w.org\/{rel}","templated":true}]}}